{"id":738,"date":"2018-11-09T16:19:08","date_gmt":"2018-11-09T15:19:08","guid":{"rendered":"https:\/\/www.zoo-project.com\/hommage\/?page_id=738\/"},"modified":"2026-01-27T16:20:56","modified_gmt":"2026-01-27T15:20:56","slug":"liste-mediatheques","status":"publish","type":"page","link":"https:\/\/www.zoo-project.com\/hommage\/livres-numeriques\/liste-mediatheques\/","title":{"rendered":"Liste M\u00e9diath\u00e8ques"},"content":{"rendered":"<p><span style=\"color: goldenrod;\"><strong>\u00ceLE-DE-FRANCE<\/strong><\/span><\/p>\n<p><u><b>Biblioth\u00e8que Louise Michel<\/b><\/u><b> &#8211; Paris, 20e<\/b><\/p>\n<p><u><b>M\u00e9diath\u00e8que Marguerite Duras<\/b><\/u><b> &#8211; Paris, 20e<\/b><\/p>\n<p><b><u>M\u00e9diath\u00e8que de la Canop\u00e9e<\/u> &#8211; Paris, 1er<\/b><\/p>\n<p><u><b>Biblioth\u00e8que Fran\u00e7ois Villon<\/b><\/u><b>&#8211; Paris, 10e<\/b><\/p>\n<p><b><u>M\u00e9diath\u00e8que communautaire<\/u> &#8211;\u00a0Les Mureaux (78)<\/b><\/p>\n<p><u><b>Association YA+K<\/b><\/u><b> &#8211; Bagnolet (93)<\/b><\/p>\n<p><b><u>Association \u00ab\u00a0La jungle Urbaine\u00a0\u00bb<\/u> &#8211; Les Lilas (93)<\/b><\/p>\n<p><u><b>M\u00e9diath\u00e8que Jean-Jacques Rousseau<\/b><\/u><b> &#8211; Champigny-sur-Marne (94)<\/b><\/p>\n<p><u><b>M\u00e9diath\u00e8que Louis Aragon<\/b><\/u><b> &#8211; Fontenay-sous-Bois (94)<\/b><\/p>\n<p><b><u>M\u00e9diath\u00e8que Boris Vian<\/u> &#8211;\u00a0Chevilly-Larue (94)<\/b><\/p>\n<p><b><u>Maison des Arts \u00e0 Cergy-Pontoise<\/u> &#8211; Cergy-Pontoise (95)<\/b><\/p>\n<p><span style=\"color: goldenrod;\"><strong>AUVERGNE-RH\u00d4NE-ALPES<\/strong><\/span><\/p>\n<p><u><b>Espace Culturel \u00ab\u00a0Le Gallet\u00a0\u00bb<\/b><\/u><b> &#8211; Reyrieux (01)<\/b><\/p>\n<p><u><b>M\u00e9diath\u00e8que Intercommunale Vercors<\/b><\/u><b> &#8211; Lans en Vercors (38)<\/b><\/p>\n<p><u><b>M\u00e9diath\u00e8que d&rsquo;Eybens<\/b><\/u><b> &#8211; Eybens (38)<\/b><\/p>\n<p><b><u>M\u00e9diath\u00e8que de Goncelin<\/u> &#8211;\u00a0Goncelin (38)<\/b><\/p>\n<p><b><u>Mairie de Laval-en-Belledonne<\/u> &#8211; Laval-en-Belledonne (38)<\/b><\/p>\n<p><b><u>M\u00e9diath\u00e8que Loire Forez &#8211; Saint-Just-Saint-Rambert (42)<\/u><\/b><\/p>\n<p><b><u>M\u00e9diath\u00e8que Saint-Vincent<\/u> &#8211; Saint-Vincent (43)<\/b><\/p>\n<p><b><u>R\u00e9seau de lecture publique Riom Limagne et Volcans<\/u> &#8211; Riom (63)<\/b><\/p>\n<p><b><u>Biblioth\u00e8que Thorens-Gli\u00e8res<\/u> &#8211; Filli\u00e8re (74)<\/b><\/p>\n<p><span style=\"color: goldenrod;\"><strong>BOURGOGNE-FRANCHE-COMT\u00c9<\/strong><\/span><\/p>\n<p><u><b>M\u00e9diath\u00e8que Aim\u00e9 C\u00e9saire<\/b><\/u><b> &#8211; Besan\u00e7on (25)<\/b><\/p>\n<p><b><u>Biblioth\u00e8que Ch\u00e2teau de Sagey<\/u> &#8211; Pierrefontaine les varans (25)<\/b><\/p>\n<p><u><b>M\u00e9diath\u00e8que du Val d\u2019Amour<\/b><\/u><b> &#8211; Mont-sous-Vaudrey (39)<\/b><\/p>\n<p><b><u>M\u00e9diath\u00e8que Haut Jura Saint-Claude<\/u> &#8211;\u00a0Saint-Claude (39)<\/b><\/p>\n<p><u><b>Association la Zone du dehors<\/b><\/u><b> &#8211; Les Bouchoux (39)<\/b><\/p>\n<p><b><u>M\u00e9diath\u00e8que des 4 C<\/u> &#8211;\u00a0Lons le Saunier (39)<\/b><\/p>\n<p><u><b>Biblioth\u00e8ques de la Ni\u00e8vre<\/b><\/u><b> (58)<\/b><\/p>\n<p><u><b>M\u00e9diath\u00e8que d\u00e9partementale de la Haute-Sa\u00f4ne<\/b><\/u><b> &#8211; Vesoul (70)<\/b><\/p>\n<p><u><b>M\u00e9diath\u00e8que Quai des Mots<\/b><\/u><b> &#8211; Chauffailles (71)<\/b><\/p>\n<p><u><b>Biblioth\u00e8que D\u00e9partementale de l&rsquo;Yonne<\/b><\/u><b>\u00a0&#8211;\u00a0Saint-Georges-sur-Baulche (89)<\/b><\/p>\n<p><u><b>La Bibli&rsquo;Othe<\/b><\/u><b> &#8211; Arces Dilo (89)<\/b><\/p>\n<p><u><b>M\u00e9diath\u00e8que municipale de Cerisiers<\/b><\/u><b> &#8211; Cerisiers (89)<\/b><\/p>\n<p><u><b>M\u00e9diath\u00e8que de Saint-Cl\u00e9ment<\/b><\/u><b> &#8211; Saint-Cl\u00e9ment (89)<\/b><\/p>\n<p><b><u>M\u00e9diath\u00e8que Jo\u00eblle Bri\u00e8re<\/u> &#8211;\u00a0V\u00e9ron (89)<\/b><\/p>\n<p><u><b>M\u00e9diath\u00e8que de Bessoncourt<\/b><\/u><b> &#8211; Bessoncourt (90)<\/b><\/p>\n<p><span style=\"color: goldenrod;\"><strong>BRETAGNE<\/strong><\/span><\/p>\n<p><u><b>Association Rhizomes<\/b><\/u><b>\u00a0&#8211; Douarnenez (29)<\/b><\/p>\n<p><u><b>M\u00e9diath\u00e8que Phil\u00e9as Fogg<\/b><\/u><b> &#8211; Saint-Aubin du Pavail \/ Ch\u00e2teaugiron (35)<\/b><\/p>\n<p><u><b>M\u00e9diath\u00e8que\u00a0\u201cLa Mosa\u00efque des Mots\u201d<\/b><\/u><b> &#8211;\u00a0 Iffendic\u00a0(35)<\/b><\/p>\n<p><u><b>M\u00e9diath\u00e8que Diderot<\/b><\/u><b> &#8211; Inzinzac-Lochrist (56)<\/b><\/p>\n<p><span style=\"color: goldenrod;\"><strong>CENTRE-VAL DE LOIRE<\/strong><\/span><\/p>\n<p><b><u>Biblioth\u00e8ques de Bourges \/ Les Rives d&rsquo;Auron<\/u> &#8211; Bourges (18)<\/b><\/p>\n<p><b><u>M\u00e9diath\u00e8que \u00ab\u00a0Collines du Perche\u00a0\u00bb<\/u> &#8211;\u00a0Mondoubleau (41)<\/b><\/p>\n<p><span style=\"color: goldenrod;\"><strong>GRAND EST<\/strong><\/span><\/p>\n<p><b><u>M\u00e9diath\u00e8que d\u00e9partementale de Meurthe et Moselle<\/u> &#8211; Laxou (54)<\/b><\/p>\n<p><span style=\"color: goldenrod;\"><strong>NOUVELLE AQUITAINE<\/strong><\/span><\/p>\n<p><u><b>Biblioth\u00e8que Andr\u00e9e Ch\u00e9did<\/b><\/u><b> &#8211; Limeyrat\u00a0(24)<\/b><\/p>\n<p><u><b>M\u00e9diath\u00e8que Intercommunale de Lanouaille<\/b><\/u> <b>&#8211; Lanouaille (24)<\/b><\/p>\n<p><u><b>M\u00e9diath\u00e8que Intercommunale de Payzac<\/b><\/u><b> &#8211; Payzac (24)<\/b><\/p>\n<p><u><b>Biblioth\u00e8que intercommunale d&rsquo;Excideuil<\/b><\/u><b>\u00a0&#8211; Excideuil (24)<\/b><\/p>\n<p><u><b>M\u00e9diath\u00e8que Pierre Fanlac<\/b><\/u><b> &#8211; P\u00e9rigueux\u00a0(24)<\/b><\/p>\n<p><u><b>M\u00e9diath\u00e8que Simone Veil<\/b><\/u><b> &#8211; Terrasson\u00a0(24)<\/b><\/p>\n<p><u><b>Biblioth\u00e8que de Thiviers<\/b><\/u><b> &#8211; Thiviers (24)<\/b><\/p>\n<p><u><b>Association Mur du Souffle<\/b><\/u><b> &#8211; Bruges\u00a0(33)<\/b><\/p>\n<p><u><b>M\u00e9diath\u00e8que de Bayonne<\/b><\/u><b> &#8211; Bayonne (64)<\/b><\/p>\n<p><strong><u>Centre culturel Jean-Pierre Fabr\u00e8gue<\/u> &#8211; Saint-Yrieix-la-Perche (87)<\/strong><\/p>\n<p><strong><u>M\u00e9diath\u00e8que de Saint-Yrieix<\/u> &#8211; Saint-Yrieix-la-Perche (87)<\/strong><\/p>\n<p><strong><u>Mus\u00e9e C\u00e9cile Sabourdy<\/u> &#8211;\u00a0Vicq sur Breuilh (87)<\/strong><\/p>\n<p><span style=\"color: goldenrod;\"><strong>OCCITANIE<\/strong><\/span><\/p>\n<p><u><b>Association \u201cLa R\u00e9cr\u00e9\u201d<\/b><\/u><b> &#8211; Eycheil (09)<\/b><\/p>\n<p><u><b>R\u00e9seau des m\u00e9diath\u00e8ques et biblioth\u00e8ques du Couserans-Pyr\u00e9n\u00e9es<\/b><\/u><b> &#8211;\u00a0La Bastide de S\u00e9rou (09)<\/b><\/p>\n<p><u><b>M\u00e9diath\u00e8que Andr\u00e9 Malraux<\/b><\/u><b> &#8211; B\u00e9ziers (34)<\/b><\/p>\n<p><u><b>M\u00e9diath\u00e8que Samuel Beckett<\/b><\/u><b> &#8211; S\u00e9rignan (34)<\/b><\/p>\n<p><b><u>M\u00e9diath\u00e8que d&rsquo;Assier (Astrolabe)<\/u> &#8211;\u00a0Figeac (46)<\/b><\/p>\n<p><span style=\"color: goldenrod;\"><strong>PAYS DE LA LOIRE<\/strong><\/span><\/p>\n<p><b><u>Biblioth\u00e8que Municipale de\u00a0<\/u><u>St-Georges-sur-Layon<\/u> &#8211;\u00a0St-Georges-sur-Layon (49)<\/b><\/p>\n<p><strong><span style=\"color: goldenrod;\">PROVENCE-ALPES-C\u00d4TE D&rsquo;AZUR<\/span><\/strong><\/p>\n<p><u><b>Cin\u00e9 Toiles \/ Cin\u00e9 espace \u00e9vasion<\/b><\/u><b> &#8211; Digne-les Bains (04)<\/b><\/p>\n<p><span style=\"color: goldenrod;\"><strong>CDI<\/strong><\/span><\/p>\n<p><u><b>CDI de l&rsquo;EPL de Digne-Carmejane<\/b><\/u><b> &#8211; Le Chaffaut (04)<\/b><\/p>\n<p><b><strong><u>Centre Isidore Ducasse<\/u> &#8211; Marseille, 5e (13)<\/strong><\/b><\/p>\n<p><b><strong><u>Lyc\u00e9e agricole priv\u00e9 Saint-Dominique<\/u> &#8211;\u00a0Saulieu (21)<\/strong><\/b><\/p>\n<p><u><b>Lyc\u00e9e Antoine de Saint Exup\u00e9ry<\/b><\/u><b> &#8211; Terrasson (24)<\/b><\/p>\n<p><b><span style=\"text-decoration: underline;\">Lyc\u00e9e Ledoux<\/span> &#8211; Besan\u00e7on (25)<\/b><\/p>\n<p><b><u>Lyc\u00e9e Jules Haag<\/u> &#8211; Besan\u00e7on (25)<\/b><\/p>\n<p><b><u>Lyc\u00e9e Pasteur<\/u> &#8211; Besan\u00e7on (25)<\/b><\/p>\n<p><b><u>Lyc\u00e9e Edgar Faure<\/u> &#8211;\u00a0Morteau (25)<\/b><\/p>\n<p><b><u>Lyc\u00e9e Professionnel Mandela<\/u> &#8211; Audincourt (25)<\/b><\/p>\n<p><u><b>ESAD de Valence<\/b><\/u><b> &#8211; Valence (26)<\/b><\/p>\n<p><u><b>Coll\u00e8ge Marcel Pagnol<\/b><\/u><b> &#8211; S\u00e9rignan\u00a0(34)<\/b><\/p>\n<p><b><u>Lyc\u00e9e Sainte Marguerite<\/u> &#8211; Chambray-l\u00e8s-Tours (37)<\/b><\/p>\n<p><b><strong><u>IME Cl\u00e9 de sol \u00e0 Eybens<\/u> &#8211; Eybens (38)<\/strong><\/b><\/p>\n<p><b><span style=\"text-decoration: underline;\">Lyc\u00e9e professionnel Jacques Pr\u00e9vert<\/span> &#8211; Dole (39)<\/b><\/p>\n<p><b><u>Lyc\u00e9e Pasteur Mont Roland\u00a0<\/u>&#8211; Dole (39)<\/b><\/p>\n<p><b><u>Lyc\u00e9e Jacques Duhamel<\/u> &#8211;\u00a0Dole (39)<\/b><\/p>\n<p><b><u>Lyc\u00e9e professionnel Montciel<\/u> &#8211; Lons-le-Saunier (39)<\/b><\/p>\n<p><b><u>Lyc\u00e9e Professionnel Le Corbusier<\/u> &#8211; Lons-le-Saunier (39<\/b><b>)<\/b><\/p>\n<p><b><u>Lyc\u00e9e polyvalent du Pr\u00e9 Saint-Sauveur<\/u> &#8211; Saint-Claude (39)<\/b><\/p>\n<p><b><u>Lyc\u00e9e Technique du bois<\/u> &#8211; Mouchard (39)<\/b><\/p>\n<p><b><u>Coll\u00e8ge Marcel Aym\u00e9<\/u> &#8211;\u00a0Chaussin (39)<\/b><\/p>\n<p><u><b>Lyc\u00e9e Emile Zola<\/b><\/u><b> &#8211; Hennebont (56)<\/b><\/p>\n<p><b><u>Lyc\u00e9e Maurice Genevoix<\/u> &#8211; Decize (58)<\/b><\/p>\n<p><strong><u>\u00c9cole Jean Moulin<\/u> &#8211; Bayonne (64)<\/strong><\/p>\n<p><b><span style=\"text-decoration: underline;\">Lyc\u00e9e Leclerc<\/span> &#8211; Saverne (67)<\/b><\/p>\n<p><b><u>Lyc\u00e9e Pontarcher<\/u> &#8211; Vesoul (70)<\/b><\/p>\n<p><b><u>Lyc\u00e9e \u00c9douard Belin<\/u> &#8211; Vesoul (70)<\/b><\/p>\n<p><b><u>Lyc\u00e9e Henri Fertet<\/u> &#8211; Gray (70)<\/b><\/p>\n<p><b><u>Lyc\u00e9e St Charles<\/u> &#8211; Chalon-sur-Sa\u00f4ne (71)<\/b><\/p>\n<p><b><u>Lyc\u00e9e Polyvalent Emiland Gauthey<\/u> &#8211;\u00a0Chalon-sur-Sa\u00f4ne (71)<\/b><\/p>\n<p><b><u>Lyc\u00e9e Bonaparte<\/u> &#8211; Autun (71)<\/b><\/p>\n<p><b><u>Coll\u00e8ge du Parmelan<\/u> &#8211;\u00a0Groisy (74)<\/b><\/p>\n<p><b><u>Lyc\u00e9e Jacques Decour<\/u> &#8211; Paris, 9e (75)<\/b><\/p>\n<p><b><u>Coll\u00e8ge Jacques Pr\u00e9vert<\/u> &#8211;\u00a0Rebais (77)<\/b><\/p>\n<p><b><u>Coll\u00e8ge Les Sicardi\u00e8res<\/u> &#8211; L&rsquo;Ile d&rsquo;Yeu (85)<\/b><\/p>\n<p><b><u>Lyc\u00e9e Pro Jean-Baptiste Darnet<\/u> &#8211; Saint-Yrieix-la-Perche (87)<\/b><\/p>\n<p><b><u>Coll\u00e8ge Darnet<\/u> &#8211; Saint-Yrieix-la-Perche (87)<\/b><\/p>\n<p><b><u>\u00c9cole Maurice Ravel<\/u> &#8211; Saint-Yrieix-la-Perche (87)<\/b><\/p>\n<p><b><u>Lyc\u00e9e professionnel agricole de La Faye<\/u> &#8211;\u00a0Saint-Yrieix-la-Perche (87)<\/b><\/p>\n<p><b><u>Coll\u00e8ge L\u00e9on Blum<\/u> &#8211;\u00a0Limoges (87)<\/b><\/p>\n<p><u><b>Lyc\u00e9e Marcel Cachin<\/b><\/u><b> &#8211; Saint-Ouen (93)<\/b><\/p>\n<p><b><u>Lyc\u00e9e des Chaumes<\/u> &#8211;\u00a0Avallon (89)<\/b><\/p>\n<p><b><u>Institution Sainte-Marie<\/u> &#8211; Belfort (90)<\/b><\/p>\n<p><b><u>Lyc\u00e9e des m\u00e9tiers Denis Diderot<\/u> &#8211;\u00a0Bavilliers (90)<\/b><\/p>\n<p><span style=\"color: goldenrod;\"><strong>INTERNATIONAL<\/strong><\/span><\/p>\n<p><b><strong><span style=\"text-decoration: underline;\">Mus\u00e9e des Arts et M\u00e9tiers de Hambourg<\/span> &#8211; Allemagne<\/strong><\/b><\/p>\n<p><b><strong><u>Biblioth\u00e8que d&rsquo;Art et d&rsquo;Arch\u00e9ologie de Gen\u00e8ve<\/u> &#8211; Gen\u00e8ve, Suisse<\/strong><\/b><\/p>\n<p><b><strong><u>Haute \u00e9cole d&rsquo;art et de design<\/u> &#8211; Gen\u00e8ve, Suisse<\/strong><\/b><\/p>\n<p><b><strong><u>\u00c9cole du Lignon<\/u> &#8211; Vernier, Suisse<\/strong><\/b><\/p>\n<p><b><strong><span data-sheets-root=\"1\"><span style=\"text-decoration: underline;\">Mus\u00e9e d&rsquo;art contemporain GARAGE<\/span>\u00a0&#8211; Moscou, Russie<\/span><\/strong><\/b><\/p>\n<p><b><strong><span style=\"text-decoration: underline;\">Ruarts Fondation<\/span>\u00a0&#8211; Moscou, Russie<\/strong><\/b><\/p>\n<p><b><strong><span style=\"text-decoration: underline;\">Mus\u00e9e d&rsquo;art moderne de Moscou<\/span> &#8211; Russie<\/strong><\/b><\/p>\n<p><b><strong><span style=\"text-decoration: underline;\">Espace Notfoundgallery<\/span> &#8211; Moscou, Russie<\/strong><\/b><\/p>\n","protected":false},"excerpt":{"rendered":"<p>\u00ceLE-DE-FRANCE Biblioth\u00e8que Louise Michel &#8211; Paris, 20e M\u00e9diath\u00e8que Marguerite Duras &#8211; Paris, 20e M\u00e9diath\u00e8que de la Canop\u00e9e &#8211; Paris, 1er Biblioth\u00e8que Fran\u00e7ois Villon&#8211; Paris, 10e M\u00e9diath\u00e8que communautaire &#8211;\u00a0Les Mureaux (78) Association YA+K &#8211; Bagnolet (93) Association \u00ab\u00a0La jungle Urbaine\u00a0\u00bb &#8211; Les Lilas (93) M\u00e9diath\u00e8que Jean-Jacques Rousseau &#8211; Champigny-sur-Marne (94) M\u00e9diath\u00e8que Louis Aragon &#8211; Fontenay-sous-Bois (94) [&hellip;]<\/p>\n","protected":false},"author":2,"featured_media":0,"parent":737,"menu_order":0,"comment_status":"closed","ping_status":"closed","template":"","meta":{"_acf_changed":false,"_exactmetrics_skip_tracking":false,"_exactmetrics_sitenote_active":false,"_exactmetrics_sitenote_note":"","_exactmetrics_sitenote_category":0,"footnotes":""},"class_list":["post-738","page","type-page","status-publish","hentry"],"acf":[],"_links":{"self":[{"href":"https:\/\/www.zoo-project.com\/hommage\/wp-json\/wp\/v2\/pages\/738","targetHints":{"allow":["GET"]}}],"collection":[{"href":"https:\/\/www.zoo-project.com\/hommage\/wp-json\/wp\/v2\/pages"}],"about":[{"href":"https:\/\/www.zoo-project.com\/hommage\/wp-json\/wp\/v2\/types\/page"}],"author":[{"embeddable":true,"href":"https:\/\/www.zoo-project.com\/hommage\/wp-json\/wp\/v2\/users\/2"}],"replies":[{"embeddable":true,"href":"https:\/\/www.zoo-project.com\/hommage\/wp-json\/wp\/v2\/comments?post=738"}],"version-history":[{"count":85,"href":"https:\/\/www.zoo-project.com\/hommage\/wp-json\/wp\/v2\/pages\/738\/revisions"}],"predecessor-version":[{"id":1468,"href":"https:\/\/www.zoo-project.com\/hommage\/wp-json\/wp\/v2\/pages\/738\/revisions\/1468"}],"up":[{"embeddable":true,"href":"https:\/\/www.zoo-project.com\/hommage\/wp-json\/wp\/v2\/pages\/737"}],"wp:attachment":[{"href":"https:\/\/www.zoo-project.com\/hommage\/wp-json\/wp\/v2\/media?parent=738"}],"curies":[{"name":"wp","href":"https:\/\/api.w.org\/{rel}","templated":true}]}}